{"id":6,"date":"2012-12-26T15:22:00","date_gmt":"2012-12-26T15:22:00","guid":{"rendered":"http:\/\/blog.rentenreform-alternative.de\/?page_id=6"},"modified":"2026-03-09T14:02:05","modified_gmt":"2026-03-09T13:02:05","slug":"impressum","status":"publish","type":"page","link":"https:\/\/faktengegenvolksverdummung.de\/author\/k-albrecht\/impressum\/","title":{"rendered":"Impressum"},"content":{"rendered":"<p>Diese Seite wurde erstellt von Knut Albrecht. Ich wohne in 71717 Beilstein, Schwaigerner Weg 5. Sie erreichen mich unter E-Mail: <a href=\"mailto:info@rentenreform-alternative.de\"><span style=\"color: #800080;\">info@rentenreform-alternative.de<\/span><\/a> .<br \/>\nWir alle werden zwar tagt\u00e4glich \u00fcber die Medien geradezu bombardiert mit Nachrichten und Informationen aus dem politischen Geschehen. Die allermeisten unter uns aber sind\u00a0 einfach nicht interessiert oder sehen keinen Anlass oder scheuen den Aufwand, das zu reflektieren, zu hinterfragen was uns mundgerecht vorgesetzt wird.<br \/>\nAuf der anderen Seite gibt es kaum etwas das unser Leben, unsere Lebensqualit\u00e4t mehr beeinflu\u00dft &#8211; und zwar ganz konkret &#8211; als politische Entscheidungen.<br \/>\nDie sind mein Anliegen, ganz speziell die politischen Weichenstellungen als Reaktion auf die Ver\u00e4nderung unserer Arbeitswelt. Die politisch gewollte Demontage unserer sozialen Sicherung, wie die Entwicklung der (Nicht-)Teilhabe als Ergebnis der schleichenden und scheibchenweisen politischen Umverteilung der letzten 30 Jahre. Sie sind f\u00fcr mich aufgrund meiner Erfahrungen und Webrecherchen so besorgniserregend, dass ich darauf aufmerksam machen\u00a0m\u00f6chte. Nach bisherigen Erfahrungen bin ich \u00fcberzeugt, dass eine Korrektur dieser sozialpolitischen Weichenstellungen nur \u00fcber massiven politischen Druck, wie durch Protestwahl und Abwahl, erreicht werden kann.<\/p>\n<p>Alle hier gemachten\u00a0 Angaben und Fakten, sowie pers\u00f6nlichen Kommentierungen und Meinungs\u00e4u\u00dferungen basieren auf sorgf\u00e4ltigen Recherchen in \u00f6ffentlich zug\u00e4nglichen Quellen. Sie\u00a0wurden nach bestem Wissen und Gewissen erstellt, es kann jedoch nicht f\u00fcr v\u00f6llige Fehlerfreiheit garantiert werden.<br \/>\nSollten dennoch Inhalte meiner Webseite gegen geltendes oder k\u00fcnftiges Urheberrecht, das Markengesetz oder anderes Recht versto\u00dfen, werden diese Verst\u00f6\u00dfe auf Hinweis schnellstm\u00f6glich beseitigt. Dazu bedarf es keiner Abmahnung, ein einfacher Hinweis per E-Mail reicht aus.<\/p>\n<p>Urheberrecht:<br \/>\nWeiterverbreitung ist erw\u00fcnscht. Ich gestattet jedermann, beliebige Inhalte von dieser\u00a0Seite an beliebiger Stelle kostenlos f\u00fcr nicht kommerzielle Zwecke zu verwenden, sofern als Quelle\u00a0\u201dhttps:\/\/faktengegenvolksverdummung.de\u201d genannt wird. \u00dcber eine Mitteilung an info(add)rentenreform-alternative.de, was wo verwendet wird, w\u00fcrde ich mich freuen.<\/p>\n<p>Haftungshinweis:<br \/>\nF\u00fcr den Inhalt der verlinkten Seiten sind ausschlie\u00dflich deren Betreiber verantwortlich.<br \/>\nDie LeserInnen werden dringend gebeten, den Verfasser unverz\u00fcglich zu informieren, falls sie eine Verweisung auf Informationen entdecken, welche den Verdacht erwecken, dass sie den guten Sitten oder den Gesetzen widersprechen.<\/p>\n","protected":false},"excerpt":{"rendered":"<p>Diese Seite wurde erstellt von Knut Albrecht. Ich wohne in 71717 Beilstein, Schwaigerner Weg 5. Sie erreichen mich unter E-Mail: info@rentenreform-alternative.de . Wir alle werden zwar tagt\u00e4glich \u00fcber die Medien geradezu bombardiert mit Nachrichten und Informationen aus dem politischen Geschehen. &hellip; <a href=\"https:\/\/faktengegenvolksverdummung.de\/author\/k-albrecht\/impressum\/\">Weiterlesen <span class=\"meta-nav\">&rarr;<\/span><\/a><\/p>\n","protected":false},"author":2,"featured_media":0,"parent":0,"menu_order":2,"comment_status":"open","ping_status":"open","template":"","meta":{"footnotes":""},"class_list":["post-6","page","type-page","status-publish","hentry"],"_links":{"self":[{"href":"https:\/\/faktengegenvolksverdummung.de\/author\/k-albrecht\/wp-json\/wp\/v2\/pages\/6","targetHints":{"allow":["GET"]}}],"collection":[{"href":"https:\/\/faktengegenvolksverdummung.de\/author\/k-albrecht\/wp-json\/wp\/v2\/pages"}],"about":[{"href":"https:\/\/faktengegenvolksverdummung.de\/author\/k-albrecht\/wp-json\/wp\/v2\/types\/page"}],"author":[{"embeddable":true,"href":"https:\/\/faktengegenvolksverdummung.de\/author\/k-albrecht\/wp-json\/wp\/v2\/users\/2"}],"replies":[{"embeddable":true,"href":"https:\/\/faktengegenvolksverdummung.de\/author\/k-albrecht\/wp-json\/wp\/v2\/comments?post=6"}],"version-history":[{"count":8,"href":"https:\/\/faktengegenvolksverdummung.de\/author\/k-albrecht\/wp-json\/wp\/v2\/pages\/6\/revisions"}],"predecessor-version":[{"id":1155,"href":"https:\/\/faktengegenvolksverdummung.de\/author\/k-albrecht\/wp-json\/wp\/v2\/pages\/6\/revisions\/1155"}],"wp:attachment":[{"href":"https:\/\/faktengegenvolksverdummung.de\/author\/k-albrecht\/wp-json\/wp\/v2\/media?parent=6"}],"curies":[{"name":"wp","href":"https:\/\/api.w.org\/{rel}","templated":true}]}}